{"id":2351,"date":"2024-03-27T08:32:21","date_gmt":"2024-03-27T08:32:21","guid":{"rendered":"http:\/\/vignerons-saint-dezery.fr\/?page_id=2351"},"modified":"2024-04-30T10:14:41","modified_gmt":"2024-04-30T10:14:41","slug":"foire-aux-questions-vin-du-gard","status":"publish","type":"page","link":"https:\/\/vignerons-saint-dezery.fr\/en\/foire-aux-questions-vin-du-gard\/","title":{"rendered":"Frequently asked questions"},"content":{"rendered":"<div class=\"fusion-fullwidth fullwidth-box fusion-builder-row-1 fusion-flex-container has-pattern-background has-mask-background nonhundred-percent-fullwidth non-hundred-percent-height-scrolling\" style=\"--awb-border-radius-top-left:0px;--awb-border-radius-top-right:0px;--awb-border-radius-bottom-right:0px;--awb-border-radius-bottom-left:0px;--awb-padding-top:30px;--awb-padding-bottom:30px;--awb-margin-top:0px;--awb-margin-bottom:0px;--awb-background-color:var(--awb-custom2);--awb-flex-wrap:wrap;\" ><div class=\"fusion-builder-row fusion-row fusion-flex-align-items-flex-start fusion-flex-content-wrap\" style=\"max-width:1331.2px;margin-left: calc(-4% \/ 2 );margin-right: calc(-4% \/ 2 );\"><div class=\"fusion-layout-column fusion_builder_column fusion-builder-column-0 fusion_builder_column_1_1 1_1 fusion-flex-column\" style=\"--awb-bg-size:cover;--awb-width-large:100%;--awb-margin-top-large:16px;--awb-spacing-right-large:1.92%;--awb-margin-bottom-large:16px;--awb-spacing-left-large:1.92%;--awb-width-medium:100%;--awb-order-medium:0;--awb-spacing-right-medium:1.92%;--awb-spacing-left-medium:1.92%;--awb-width-small:100%;--awb-order-small:0;--awb-spacing-right-small:1.92%;--awb-spacing-left-small:1.92%;\"><div class=\"fusion-column-wrapper fusion-column-has-shadow fusion-flex-justify-content-flex-start fusion-content-layout-column\"><div class=\"fusion-title title fusion-title-1 fusion-sep-none fusion-title-text fusion-title-size-two\" style=\"--awb-margin-bottom-small:20px;\"><h2 class=\"fusion-title-heading title-heading-left fusion-responsive-typography-calculated\" style=\"margin:0;--fontSize:50;line-height:1.12;\">Frequently asked questions<\/h2><\/div><style type=\"text\/css\">#accordian-1 .fusion-panel:hover,#accordian-1 .fusion-panel.hover{ background-color: var(--awb-color1) } #accordian-1 .fusion-panel { border-color:var(--awb-color7); border-width:0px; background-color:var(--awb-color1); }.fusion-accordian #accordian-1 .panel-title a .fa-fusion-box:before{ font-size: 20px;width: 20px;}.fusion-accordian #accordian-1 .panel-title a .fa-fusion-box{ color: var(--awb-color1);}.fusion-accordian #accordian-1.fusion-toggle-icon-right .fusion-toggle-heading{ margin-right: 38px;}.fusion-accordian  #accordian-1 .panel-title a{font-family:var(--awb-typography3-font-family);font-weight:var(--awb-typography3-font-weight);font-style:var(--awb-typography3-font-style);}.fusion-accordian  #accordian-1 .panel-title a:not(:hover){color:var(--awb-color7);}.fusion-accordian  #accordian-1 .toggle-content{font-family:var(--awb-typography4-font-family);font-weight:var(--awb-typography4-font-weight);font-style:var(--awb-typography4-font-style);}.fusion-accordian #accordian-1 .fa-fusion-box { background-color: var(--awb-color4) !important;border-color: var(--awb-color4) !important;}.fusion-accordian #accordian-1 .panel-title a:hover,.fusion-accordian #accordian-1 .panel-title a.hover { color: var(--awb-color5);}.fusion-faq-shortcode .fusion-accordian #accordian-1 .fusion-toggle-boxed-mode:hover .panel-title a { color: var(--awb-color5);}.fusion-accordian #accordian-1 .panel-title .active .fa-fusion-box,.fusion-accordian #accordian-1 .panel-title a:hover .fa-fusion-box,.fusion-accordian #accordian-1 .panel-title a.hover .fa-fusion-box { background-color: var(--awb-color5)!important;border-color: var(--awb-color5)!important;}<\/style><div class=\"fusion-faq-shortcode\" style=\"\"><div class=\"fusion-faqs-wrapper\"><div class=\"accordian fusion-accordian\"><div class=\"panel-group  fusion-toggle-icon-right\" id=\"accordian-1\"><div class=\"fusion-panel fusion-toggle-no-divider fusion-toggle-boxed-mode panel-default fusion-faq-post fusion-faq-post-1532\"><span class=\"entry-title rich-snippet-hidden\">How can I buy your wines?<\/span><span class=\"vcard rich-snippet-hidden\"><span class=\"fn\"><a href=\"https:\/\/vignerons-saint-dezery.fr\/en\/author\/webin_admin\/\" title=\"Posts by webin_Admin\" rel=\"author\">webin_Admin<\/a><\/span><\/span><span class=\"updated rich-snippet-hidden\">2024-04-27T14:01:21+00:00<\/span><div class=\"panel-heading\"><h3 id=\"faq_1-1532\" class=\"panel-title toggle\"><a data-toggle=\"collapse\" class=\"collapsed\" data-parent=\"#accordian-1\" data-target=\"#collapse-1-1532\" href=\"#collapse-1-1532\" aria-expanded=\"false\"><div class=\"fusion-toggle-icon-wrapper\"><div class=\"fusion-toggle-icon-wrapper-main\"><div class=\"fusion-toggle-icon-wrapper-sub\"><i class=\"fa-fusion-box active-icon awb-icon-minus\" aria-hidden=\"true\"><\/i><i class=\"fa-fusion-box inactive-icon awb-icon-plus\" aria-hidden=\"true\"><\/i><\/div><\/div><\/div><div class=\"fusion-toggle-heading\">How can I buy your wines?<\/div><\/a><\/h3><\/div><div id=\"collapse-1-1532\" aria-labelledby=\"faq_1-1532\" class=\"panel-collapse collapse\"><div class=\"panel-body toggle-content post-content\"><p>Our wines are available for purchase either directly from our boutique during your visit, or by shipment from our cellar to your home. To place an order or obtain our price list, please contact us by email at <a target=\"_new\" rel=\"noopener\">caveau.stdezery@gmail.com<\/a>.<\/p>\n<p>We deliver our wines throughout mainland France, so don't hesitate to place an order to enjoy our creations wherever you are!<\/p>\n<\/div><\/div><\/div><div class=\"fusion-panel fusion-toggle-no-divider fusion-toggle-boxed-mode panel-default fusion-faq-post fusion-faq-post-2990\"><span class=\"entry-title rich-snippet-hidden\">How can I organise a private tasting for a group?<\/span><span class=\"vcard rich-snippet-hidden\"><span class=\"fn\"><a href=\"https:\/\/vignerons-saint-dezery.fr\/en\/author\/saintd\/\" title=\"Posts by saintD\" rel=\"author\">saintD<\/a><\/span><\/span><span class=\"updated rich-snippet-hidden\">2024-04-27T13:32:29+00:00<\/span><div class=\"panel-heading\"><h3 id=\"faq_1-2990\" class=\"panel-title toggle\"><a data-toggle=\"collapse\" class=\"collapsed\" data-parent=\"#accordian-1\" data-target=\"#collapse-1-2990\" href=\"#collapse-1-2990\" aria-expanded=\"false\"><div class=\"fusion-toggle-icon-wrapper\"><div class=\"fusion-toggle-icon-wrapper-main\"><div class=\"fusion-toggle-icon-wrapper-sub\"><i class=\"fa-fusion-box active-icon awb-icon-minus\" aria-hidden=\"true\"><\/i><i class=\"fa-fusion-box inactive-icon awb-icon-plus\" aria-hidden=\"true\"><\/i><\/div><\/div><\/div><div class=\"fusion-toggle-heading\">How can I organise a private tasting for a group?<\/div><\/a><\/h3><\/div><div id=\"collapse-1-2990\" aria-labelledby=\"faq_1-2990\" class=\"panel-collapse collapse\"><div class=\"panel-body toggle-content post-content\"><p>If you would like to arrange a private tasting for a group, please contact us directly to discuss the options available. We are happy to tailor your tasting experience to meet your specific needs.<\/p>\n<\/div><\/div><\/div><div class=\"fusion-panel fusion-toggle-no-divider fusion-toggle-boxed-mode panel-default fusion-faq-post fusion-faq-post-2988\"><span class=\"entry-title rich-snippet-hidden\">How can I contact you for more information?<\/span><span class=\"vcard rich-snippet-hidden\"><span class=\"fn\"><a href=\"https:\/\/vignerons-saint-dezery.fr\/en\/author\/saintd\/\" title=\"Posts by saintD\" rel=\"author\">saintD<\/a><\/span><\/span><span class=\"updated rich-snippet-hidden\">2024-04-27T13:31:13+00:00<\/span><div class=\"panel-heading\"><h3 id=\"faq_1-2988\" class=\"panel-title toggle\"><a data-toggle=\"collapse\" class=\"collapsed\" data-parent=\"#accordian-1\" data-target=\"#collapse-1-2988\" href=\"#collapse-1-2988\" aria-expanded=\"false\"><div class=\"fusion-toggle-icon-wrapper\"><div class=\"fusion-toggle-icon-wrapper-main\"><div class=\"fusion-toggle-icon-wrapper-sub\"><i class=\"fa-fusion-box active-icon awb-icon-minus\" aria-hidden=\"true\"><\/i><i class=\"fa-fusion-box inactive-icon awb-icon-plus\" aria-hidden=\"true\"><\/i><\/div><\/div><\/div><div class=\"fusion-toggle-heading\">How can I contact you for more information?<\/div><\/a><\/h3><\/div><div id=\"collapse-1-2988\" aria-labelledby=\"faq_1-2988\" class=\"panel-collapse collapse\"><div class=\"panel-body toggle-content post-content\"><p>You can contact us via our contact form on our website, by telephone at 0466812131 or by e-mail at caveaustdezery@gmail.com. We are always happy to answer your questions and help you plan your visit to us.<\/p>\n<\/div><\/div><\/div><div class=\"fusion-panel fusion-toggle-no-divider fusion-toggle-boxed-mode panel-default fusion-faq-post fusion-faq-post-1530\"><span class=\"entry-title rich-snippet-hidden\">Where is your Cave located?<\/span><span class=\"vcard rich-snippet-hidden\"><span class=\"fn\"><a href=\"https:\/\/vignerons-saint-dezery.fr\/en\/author\/webin_admin\/\" title=\"Posts by webin_Admin\" rel=\"author\">webin_Admin<\/a><\/span><\/span><span class=\"updated rich-snippet-hidden\">2024-05-02T09:46:53+00:00<\/span><div class=\"panel-heading\"><h3 id=\"faq_1-1530\" class=\"panel-title toggle\"><a data-toggle=\"collapse\" class=\"collapsed\" data-parent=\"#accordian-1\" data-target=\"#collapse-1-1530\" href=\"#collapse-1-1530\" aria-expanded=\"false\"><div class=\"fusion-toggle-icon-wrapper\"><div class=\"fusion-toggle-icon-wrapper-main\"><div class=\"fusion-toggle-icon-wrapper-sub\"><i class=\"fa-fusion-box active-icon awb-icon-minus\" aria-hidden=\"true\"><\/i><i class=\"fa-fusion-box inactive-icon awb-icon-plus\" aria-hidden=\"true\"><\/i><\/div><\/div><\/div><div class=\"fusion-toggle-heading\">Where is your Cave located?<\/div><\/a><\/h3><\/div><div id=\"collapse-1-1530\" aria-labelledby=\"faq_1-1530\" class=\"panel-collapse collapse\"><div class=\"panel-body toggle-content post-content\"><p>Our winery is located at 28 route de Saint Chaptes 30190 Saint-D\u00e9z\u00e9ry.<\/p>\n<p><iframe style=\"border: 0;\" src=\"https:\/\/www.google.com\/maps\/embed?pb=!1m18!1m12!1m3!1d2870.19953307923!2d4.2680929999999995!3d43.9966009!2m3!1f0!2f0!3f0!3m2!1i1024!2i768!4f13.1!3m3!1m2!1s0x12b4363edf4344e1%3A0x8fb96b20bd7cc6ba!2sLes%20vignerons%20de%20Saint-D%C3%A9z%C3%A9ry!5e0!3m2!1sfr!2sfr!4v1711565945452!5m2!1sfr!2sfr\" width=\"600\" height=\"450\" allowfullscreen=\"allowfullscreen\"><\/iframe>x<\/p>\n<\/div><\/div><\/div><div class=\"fusion-panel fusion-toggle-no-divider fusion-toggle-boxed-mode panel-default fusion-faq-post fusion-faq-post-2992\"><span class=\"entry-title rich-snippet-hidden\">Do you offer harvesting experiences?<\/span><span class=\"vcard rich-snippet-hidden\"><span class=\"fn\"><a href=\"https:\/\/vignerons-saint-dezery.fr\/en\/author\/saintd\/\" title=\"Posts by saintD\" rel=\"author\">saintD<\/a><\/span><\/span><span class=\"updated rich-snippet-hidden\">2024-04-27T13:33:51+00:00<\/span><div class=\"panel-heading\"><h3 id=\"faq_1-2992\" class=\"panel-title toggle\"><a data-toggle=\"collapse\" class=\"collapsed\" data-parent=\"#accordian-1\" data-target=\"#collapse-1-2992\" href=\"#collapse-1-2992\" aria-expanded=\"false\"><div class=\"fusion-toggle-icon-wrapper\"><div class=\"fusion-toggle-icon-wrapper-main\"><div class=\"fusion-toggle-icon-wrapper-sub\"><i class=\"fa-fusion-box active-icon awb-icon-minus\" aria-hidden=\"true\"><\/i><i class=\"fa-fusion-box inactive-icon awb-icon-plus\" aria-hidden=\"true\"><\/i><\/div><\/div><\/div><div class=\"fusion-toggle-heading\">Do you offer harvesting experiences?<\/div><\/a><\/h3><\/div><div id=\"collapse-1-2992\" aria-labelledby=\"faq_1-2992\" class=\"panel-collapse collapse\"><div class=\"panel-body toggle-content post-content\"><p>Every year, we organise harvest experiences to allow our visitors to take an active part in the grape harvest and discover the winemaking process in an immersive way. See our \u2018events\u2019 section for the dates of our harvests and book your place now!<\/p>\n<\/div><\/div><\/div><div class=\"fusion-panel fusion-toggle-no-divider fusion-toggle-boxed-mode panel-default fusion-faq-post fusion-faq-post-2985\"><span class=\"entry-title rich-snippet-hidden\">Do you offer wine tastings?<\/span><span class=\"vcard rich-snippet-hidden\"><span class=\"fn\"><a href=\"https:\/\/vignerons-saint-dezery.fr\/en\/author\/saintd\/\" title=\"Posts by saintD\" rel=\"author\">saintD<\/a><\/span><\/span><span class=\"updated rich-snippet-hidden\">2024-04-27T13:24:15+00:00<\/span><div class=\"panel-heading\"><h3 id=\"faq_1-2985\" class=\"panel-title toggle\"><a data-toggle=\"collapse\" class=\"collapsed\" data-parent=\"#accordian-1\" data-target=\"#collapse-1-2985\" href=\"#collapse-1-2985\" aria-expanded=\"false\"><div class=\"fusion-toggle-icon-wrapper\"><div class=\"fusion-toggle-icon-wrapper-main\"><div class=\"fusion-toggle-icon-wrapper-sub\"><i class=\"fa-fusion-box active-icon awb-icon-minus\" aria-hidden=\"true\"><\/i><i class=\"fa-fusion-box inactive-icon awb-icon-plus\" aria-hidden=\"true\"><\/i><\/div><\/div><\/div><div class=\"fusion-toggle-heading\">Do you offer wine tastings?<\/div><\/a><\/h3><\/div><div id=\"collapse-1-2985\" aria-labelledby=\"faq_1-2985\" class=\"panel-collapse collapse\"><div class=\"panel-body toggle-content post-content\"><p>Absolutely! Our Caveau is open Monday to Saturday from 9am to 12pm and from 2pm to 6pm.<\/p>\n<p>We regularly organise themed tastings to enable our visitors to discover our products and learn more about our winemaking process. See our \u2018events\u2019 section for upcoming dates.<\/p>\n<\/div><\/div><\/div><div class=\"fusion-panel fusion-toggle-no-divider fusion-toggle-boxed-mode panel-default fusion-faq-post fusion-faq-post-1534\"><span class=\"entry-title rich-snippet-hidden\">May I visit your estate?<\/span><span class=\"vcard rich-snippet-hidden\"><span class=\"fn\"><a href=\"https:\/\/vignerons-saint-dezery.fr\/en\/author\/webin_admin\/\" title=\"Posts by webin_Admin\" rel=\"author\">webin_Admin<\/a><\/span><\/span><span class=\"updated rich-snippet-hidden\">2024-04-27T14:03:46+00:00<\/span><div class=\"panel-heading\"><h3 id=\"faq_1-1534\" class=\"panel-title toggle\"><a data-toggle=\"collapse\" class=\"collapsed\" data-parent=\"#accordian-1\" data-target=\"#collapse-1-1534\" href=\"#collapse-1-1534\" aria-expanded=\"false\"><div class=\"fusion-toggle-icon-wrapper\"><div class=\"fusion-toggle-icon-wrapper-main\"><div class=\"fusion-toggle-icon-wrapper-sub\"><i class=\"fa-fusion-box active-icon awb-icon-minus\" aria-hidden=\"true\"><\/i><i class=\"fa-fusion-box inactive-icon awb-icon-plus\" aria-hidden=\"true\"><\/i><\/div><\/div><\/div><div class=\"fusion-toggle-heading\">May I visit your estate?<\/div><\/a><\/h3><\/div><div id=\"collapse-1-1534\" aria-labelledby=\"faq_1-1534\" class=\"panel-collapse collapse\"><div class=\"panel-body toggle-content post-content\"><p>Yes, we're delighted to welcome visitors! You can book a guided tour of our estate to discover our vineyards, our cellars and taste our wines. You can contact us at caveau.stdezery@gmail.fr\/0466812131<\/p>\n<p>&nbsp;<\/p>\n<\/div><\/div><\/div><div class=\"fusion-panel fusion-toggle-no-divider fusion-toggle-boxed-mode panel-default fusion-faq-post fusion-faq-post-1536\"><span class=\"entry-title rich-snippet-hidden\">What are your opening hours for the tasting cellar?<\/span><span class=\"vcard rich-snippet-hidden\"><span class=\"fn\"><a href=\"https:\/\/vignerons-saint-dezery.fr\/en\/author\/webin_admin\/\" title=\"Posts by webin_Admin\" rel=\"author\">webin_Admin<\/a><\/span><\/span><span class=\"updated rich-snippet-hidden\">2024-04-27T13:57:44+00:00<\/span><div class=\"panel-heading\"><h3 id=\"faq_1-1536\" class=\"panel-title toggle\"><a data-toggle=\"collapse\" class=\"collapsed\" data-parent=\"#accordian-1\" data-target=\"#collapse-1-1536\" href=\"#collapse-1-1536\" aria-expanded=\"false\"><div class=\"fusion-toggle-icon-wrapper\"><div class=\"fusion-toggle-icon-wrapper-main\"><div class=\"fusion-toggle-icon-wrapper-sub\"><i class=\"fa-fusion-box active-icon awb-icon-minus\" aria-hidden=\"true\"><\/i><i class=\"fa-fusion-box inactive-icon awb-icon-plus\" aria-hidden=\"true\"><\/i><\/div><\/div><\/div><div class=\"fusion-toggle-heading\">What are your opening hours for the tasting cellar?<\/div><\/a><\/h3><\/div><div id=\"collapse-1-1536\" aria-labelledby=\"faq_1-1536\" class=\"panel-collapse collapse\"><div class=\"panel-body toggle-content post-content\"><p>Our tasting cellar is open Monday to Saturday from 9am to 12pm and from 2pm to 6pm. We warmly welcome you during these hours to taste our wines and discover our cellar.<\/p>\n<\/div><\/div><\/div><\/div><\/div><\/div><\/div><\/div><\/div><div class=\"fusion-layout-column fusion_builder_column fusion-builder-column-1 fusion_builder_column_1_1 1_1 fusion-flex-column\" style=\"--awb-bg-size:cover;--awb-width-large:100%;--awb-margin-top-large:16px;--awb-spacing-right-large:1.92%;--awb-margin-bottom-large:16px;--awb-spacing-left-large:1.92%;--awb-width-medium:100%;--awb-order-medium:0;--awb-spacing-right-medium:1.92%;--awb-spacing-left-medium:1.92%;--awb-width-small:100%;--awb-order-small:0;--awb-spacing-right-small:1.92%;--awb-spacing-left-small:1.92%;\"><div class=\"fusion-column-wrapper fusion-column-has-shadow fusion-flex-justify-content-flex-start fusion-content-layout-column\"><div class=\"fusion-builder-row fusion-builder-row-inner fusion-row fusion-flex-align-items-flex-start fusion-flex-content-wrap\" style=\"width:104% !important;max-width:104% !important;margin-left: calc(-4% \/ 2 );margin-right: calc(-4% \/ 2 );\"><div class=\"fusion-layout-column fusion_builder_column_inner fusion-builder-nested-column-0 fusion_builder_column_inner_2_3 2_3 fusion-flex-column\" style=\"--awb-bg-size:cover;--awb-width-large:66.666666666667%;--awb-margin-top-large:16px;--awb-spacing-right-large:2.88%;--awb-margin-bottom-large:16px;--awb-spacing-left-large:2.88%;--awb-width-medium:66.666666666667%;--awb-order-medium:0;--awb-spacing-right-medium:2.88%;--awb-spacing-left-medium:2.88%;--awb-width-small:100%;--awb-order-small:0;--awb-spacing-right-small:1.92%;--awb-spacing-left-small:1.92%;\"><div class=\"fusion-column-wrapper fusion-column-has-shadow fusion-flex-justify-content-flex-start fusion-content-layout-column\"><div class=\"fusion-title title fusion-title-2 fusion-sep-none fusion-title-text fusion-title-size-two\"><h2 class=\"fusion-title-heading title-heading-left sm-text-align-center fusion-responsive-typography-calculated\" style=\"margin:0;--fontSize:50;line-height:1.12;\"><p style=\"text-align: center;\">Can't find your answer?<\/p><\/h2><\/div><\/div><\/div><div class=\"fusion-layout-column fusion_builder_column_inner fusion-builder-nested-column-1 fusion_builder_column_inner_1_3 1_3 fusion-flex-column fusion-flex-align-self-center\" style=\"--awb-bg-size:cover;--awb-width-large:33.333333333333%;--awb-margin-top-large:16px;--awb-spacing-right-large:5.76%;--awb-margin-bottom-large:16px;--awb-spacing-left-large:5.76%;--awb-width-medium:33.333333333333%;--awb-order-medium:0;--awb-spacing-right-medium:5.76%;--awb-spacing-left-medium:5.76%;--awb-width-small:100%;--awb-order-small:0;--awb-spacing-right-small:1.92%;--awb-spacing-left-small:1.92%;\"><div class=\"fusion-column-wrapper fusion-column-has-shadow fusion-flex-justify-content-flex-start fusion-content-layout-column\"><div class=\"sm-text-align-center\" style=\"text-align:right;\"><a class=\"fusion-button button-flat fusion-button-default-size button-custom fusion-button-default button-1 fusion-button-default-span fusion-button-default-type\" style=\"--button_accent_color:var(--awb-color1);--button_accent_hover_color:var(--awb-color1);--button_border_hover_color:var(--awb-color3);--button_gradient_top_color:var(--awb-color4);--button_gradient_bottom_color:var(--awb-color4);--button_gradient_top_color_hover:var(--awb-color6);--button_gradient_bottom_color_hover:var(--awb-color6);\" target=\"_self\" href=\"https:\/\/vignerons-saint-dezery.fr\/en\/visite-et-contact-degustation-vin-saint-dezery\/\"><span class=\"fusion-button-text\">Send a message<\/span><\/a><\/div><\/div><\/div><\/div><\/div><\/div><\/div><\/div>","protected":false},"excerpt":{"rendered":"","protected":false},"author":1,"featured_media":0,"parent":0,"menu_order":0,"comment_status":"closed","ping_status":"closed","template":"100-width.php","meta":{"footnotes":""},"class_list":["post-2351","page","type-page","status-publish","hentry"],"yoast_head":"<!-- This site is optimized with the Yoast SEO plugin v22.8 - https:\/\/yoast.com\/wordpress\/plugins\/seo\/ -->\n<title>Les vignerons de Saint-D\u00e9z\u00e9ry - Foire \u00e0 question autour du Vin du Gard dans le Languedoc<\/title>\n<meta name=\"description\" content=\"Hommes et femmes de la terre, ils travaillent chaque jour avec ardeur pour produire des raisins d\u2019exception pour \u00e9laborer le vin du Gard\" \/>\n<meta name=\"robots\" content=\"index, follow, max-snippet:-1, max-image-preview:large, max-video-preview:-1\" \/>\n<link rel=\"canonical\" href=\"https:\/\/vignerons-saint-dezery.fr\/en\/foire-aux-questions-vin-du-gard\/\" \/>\n<meta property=\"og:locale\" content=\"en_GB\" \/>\n<meta property=\"og:type\" content=\"article\" \/>\n<meta property=\"og:title\" content=\"Les vignerons de Saint-D\u00e9z\u00e9ry - Foire \u00e0 question autour du Vin du Gard dans le Languedoc\" \/>\n<meta property=\"og:description\" content=\"Hommes et femmes de la terre, ils travaillent chaque jour avec ardeur pour produire des raisins d\u2019exception pour \u00e9laborer le vin du Gard\" \/>\n<meta property=\"og:url\" content=\"https:\/\/vignerons-saint-dezery.fr\/en\/foire-aux-questions-vin-du-gard\/\" \/>\n<meta property=\"og:site_name\" content=\"Les vignerons de Saint-D\u00e9z\u00e9ry\" \/>\n<meta property=\"article:publisher\" content=\"https:\/\/www.facebook.com\/cave.saintdezery\/?locale=fr_FR\" \/>\n<meta property=\"article:modified_time\" content=\"2024-04-30T10:14:41+00:00\" \/>\n<meta property=\"og:image\" content=\"https:\/\/vignerons-saint-dezery.fr\/wp-content\/uploads\/2024\/03\/logo_cave_saint_dezery-2.png\" \/>\n\t<meta property=\"og:image:width\" content=\"172\" \/>\n\t<meta property=\"og:image:height\" content=\"173\" \/>\n\t<meta property=\"og:image:type\" content=\"image\/png\" \/>\n<meta name=\"twitter:card\" content=\"summary_large_image\" \/>\n<meta name=\"twitter:label1\" content=\"Estimated reading time\" \/>\n\t<meta name=\"twitter:data1\" content=\"3 minutes\" \/>\n<script type=\"application\/ld+json\" class=\"yoast-schema-graph\">{\"@context\":\"https:\/\/schema.org\",\"@graph\":[{\"@type\":\"WebPage\",\"@id\":\"https:\/\/vignerons-saint-dezery.fr\/foire-aux-questions-vin-du-gard\/\",\"url\":\"https:\/\/vignerons-saint-dezery.fr\/foire-aux-questions-vin-du-gard\/\",\"name\":\"Les vignerons de Saint-D\u00e9z\u00e9ry - Foire \u00e0 question autour du Vin du Gard dans le Languedoc\",\"isPartOf\":{\"@id\":\"https:\/\/vignerons-saint-dezery.fr\/#website\"},\"datePublished\":\"2024-03-27T08:32:21+00:00\",\"dateModified\":\"2024-04-30T10:14:41+00:00\",\"description\":\"Hommes et femmes de la terre, ils travaillent chaque jour avec ardeur pour produire des raisins d\u2019exception pour \u00e9laborer le vin du Gard\",\"breadcrumb\":{\"@id\":\"https:\/\/vignerons-saint-dezery.fr\/foire-aux-questions-vin-du-gard\/#breadcrumb\"},\"inLanguage\":\"en-GB\",\"potentialAction\":[{\"@type\":\"ReadAction\",\"target\":[\"https:\/\/vignerons-saint-dezery.fr\/foire-aux-questions-vin-du-gard\/\"]}]},{\"@type\":\"BreadcrumbList\",\"@id\":\"https:\/\/vignerons-saint-dezery.fr\/foire-aux-questions-vin-du-gard\/#breadcrumb\",\"itemListElement\":[{\"@type\":\"ListItem\",\"position\":1,\"name\":\"Accueil\",\"item\":\"https:\/\/vignerons-saint-dezery.fr\/\"},{\"@type\":\"ListItem\",\"position\":2,\"name\":\"Foire aux questions\"}]},{\"@type\":\"WebSite\",\"@id\":\"https:\/\/vignerons-saint-dezery.fr\/#website\",\"url\":\"https:\/\/vignerons-saint-dezery.fr\/\",\"name\":\"Les vignerons de Saint-D\u00e9z\u00e9ry\",\"description\":\"Cave Coop\u00e9rative \u00e0 Saint-D\u00e9z\u00e9ry\",\"publisher\":{\"@id\":\"https:\/\/vignerons-saint-dezery.fr\/#organization\"},\"potentialAction\":[{\"@type\":\"SearchAction\",\"target\":{\"@type\":\"EntryPoint\",\"urlTemplate\":\"https:\/\/vignerons-saint-dezery.fr\/?s={search_term_string}\"},\"query-input\":\"required name=search_term_string\"}],\"inLanguage\":\"en-GB\"},{\"@type\":\"Organization\",\"@id\":\"https:\/\/vignerons-saint-dezery.fr\/#organization\",\"name\":\"Les vignerons de Saint-D\u00e9z\u00e9ry\",\"url\":\"https:\/\/vignerons-saint-dezery.fr\/\",\"logo\":{\"@type\":\"ImageObject\",\"inLanguage\":\"en-GB\",\"@id\":\"https:\/\/vignerons-saint-dezery.fr\/#\/schema\/logo\/image\/\",\"url\":\"https:\/\/vignerons-saint-dezery.fr\/wp-content\/uploads\/2024\/03\/logo_cave_saint_dezery-2.png\",\"contentUrl\":\"https:\/\/vignerons-saint-dezery.fr\/wp-content\/uploads\/2024\/03\/logo_cave_saint_dezery-2.png\",\"width\":172,\"height\":173,\"caption\":\"Les vignerons de Saint-D\u00e9z\u00e9ry\"},\"image\":{\"@id\":\"https:\/\/vignerons-saint-dezery.fr\/#\/schema\/logo\/image\/\"},\"sameAs\":[\"https:\/\/www.facebook.com\/cave.saintdezery\/?locale=fr_FR\",\"https:\/\/www.linkedin.com\/company\/les-vignerons-de-saint-dezery\/?originalSubdomain=fr\",\"https:\/\/www.instagram.com\/cave_saintd\/?hl=fr\"]}]}<\/script>\n<!-- \/ Yoast SEO plugin. -->","yoast_head_json":{"title":"Les vignerons de Saint-D\u00e9z\u00e9ry - Foire \u00e0 question autour du Vin du Gard dans le Languedoc","description":"Hommes et femmes de la terre, ils travaillent chaque jour avec ardeur pour produire des raisins d\u2019exception pour \u00e9laborer le vin du Gard","robots":{"index":"index","follow":"follow","max-snippet":"max-snippet:-1","max-image-preview":"max-image-preview:large","max-video-preview":"max-video-preview:-1"},"canonical":"https:\/\/vignerons-saint-dezery.fr\/en\/foire-aux-questions-vin-du-gard\/","og_locale":"en_GB","og_type":"article","og_title":"Les vignerons de Saint-D\u00e9z\u00e9ry - Foire \u00e0 question autour du Vin du Gard dans le Languedoc","og_description":"Hommes et femmes de la terre, ils travaillent chaque jour avec ardeur pour produire des raisins d\u2019exception pour \u00e9laborer le vin du Gard","og_url":"https:\/\/vignerons-saint-dezery.fr\/en\/foire-aux-questions-vin-du-gard\/","og_site_name":"Les vignerons de Saint-D\u00e9z\u00e9ry","article_publisher":"https:\/\/www.facebook.com\/cave.saintdezery\/?locale=fr_FR","article_modified_time":"2024-04-30T10:14:41+00:00","og_image":[{"width":172,"height":173,"url":"https:\/\/vignerons-saint-dezery.fr\/wp-content\/uploads\/2024\/03\/logo_cave_saint_dezery-2.png","type":"image\/png"}],"twitter_card":"summary_large_image","twitter_misc":{"Estimated reading time":"3 minutes"},"schema":{"@context":"https:\/\/schema.org","@graph":[{"@type":"WebPage","@id":"https:\/\/vignerons-saint-dezery.fr\/foire-aux-questions-vin-du-gard\/","url":"https:\/\/vignerons-saint-dezery.fr\/foire-aux-questions-vin-du-gard\/","name":"Les vignerons de Saint-D\u00e9z\u00e9ry - Foire \u00e0 question autour du Vin du Gard dans le Languedoc","isPartOf":{"@id":"https:\/\/vignerons-saint-dezery.fr\/#website"},"datePublished":"2024-03-27T08:32:21+00:00","dateModified":"2024-04-30T10:14:41+00:00","description":"Hommes et femmes de la terre, ils travaillent chaque jour avec ardeur pour produire des raisins d\u2019exception pour \u00e9laborer le vin du Gard","breadcrumb":{"@id":"https:\/\/vignerons-saint-dezery.fr\/foire-aux-questions-vin-du-gard\/#breadcrumb"},"inLanguage":"en-GB","potentialAction":[{"@type":"ReadAction","target":["https:\/\/vignerons-saint-dezery.fr\/foire-aux-questions-vin-du-gard\/"]}]},{"@type":"BreadcrumbList","@id":"https:\/\/vignerons-saint-dezery.fr\/foire-aux-questions-vin-du-gard\/#breadcrumb","itemListElement":[{"@type":"ListItem","position":1,"name":"Accueil","item":"https:\/\/vignerons-saint-dezery.fr\/"},{"@type":"ListItem","position":2,"name":"Foire aux questions"}]},{"@type":"WebSite","@id":"https:\/\/vignerons-saint-dezery.fr\/#website","url":"https:\/\/vignerons-saint-dezery.fr\/","name":"Les vignerons de Saint-D\u00e9z\u00e9ry","description":"Cave Coop\u00e9rative \u00e0 Saint-D\u00e9z\u00e9ry","publisher":{"@id":"https:\/\/vignerons-saint-dezery.fr\/#organization"},"potentialAction":[{"@type":"SearchAction","target":{"@type":"EntryPoint","urlTemplate":"https:\/\/vignerons-saint-dezery.fr\/?s={search_term_string}"},"query-input":"required name=search_term_string"}],"inLanguage":"en-GB"},{"@type":"Organization","@id":"https:\/\/vignerons-saint-dezery.fr\/#organization","name":"Les vignerons de Saint-D\u00e9z\u00e9ry","url":"https:\/\/vignerons-saint-dezery.fr\/","logo":{"@type":"ImageObject","inLanguage":"en-GB","@id":"https:\/\/vignerons-saint-dezery.fr\/#\/schema\/logo\/image\/","url":"https:\/\/vignerons-saint-dezery.fr\/wp-content\/uploads\/2024\/03\/logo_cave_saint_dezery-2.png","contentUrl":"https:\/\/vignerons-saint-dezery.fr\/wp-content\/uploads\/2024\/03\/logo_cave_saint_dezery-2.png","width":172,"height":173,"caption":"Les vignerons de Saint-D\u00e9z\u00e9ry"},"image":{"@id":"https:\/\/vignerons-saint-dezery.fr\/#\/schema\/logo\/image\/"},"sameAs":["https:\/\/www.facebook.com\/cave.saintdezery\/?locale=fr_FR","https:\/\/www.linkedin.com\/company\/les-vignerons-de-saint-dezery\/?originalSubdomain=fr","https:\/\/www.instagram.com\/cave_saintd\/?hl=fr"]}]}},"_links":{"self":[{"href":"https:\/\/vignerons-saint-dezery.fr\/en\/wp-json\/wp\/v2\/pages\/2351","targetHints":{"allow":["GET"]}}],"collection":[{"href":"https:\/\/vignerons-saint-dezery.fr\/en\/wp-json\/wp\/v2\/pages"}],"about":[{"href":"https:\/\/vignerons-saint-dezery.fr\/en\/wp-json\/wp\/v2\/types\/page"}],"author":[{"embeddable":true,"href":"https:\/\/vignerons-saint-dezery.fr\/en\/wp-json\/wp\/v2\/users\/1"}],"replies":[{"embeddable":true,"href":"https:\/\/vignerons-saint-dezery.fr\/en\/wp-json\/wp\/v2\/comments?post=2351"}],"version-history":[{"count":13,"href":"https:\/\/vignerons-saint-dezery.fr\/en\/wp-json\/wp\/v2\/pages\/2351\/revisions"}],"predecessor-version":[{"id":3103,"href":"https:\/\/vignerons-saint-dezery.fr\/en\/wp-json\/wp\/v2\/pages\/2351\/revisions\/3103"}],"wp:attachment":[{"href":"https:\/\/vignerons-saint-dezery.fr\/en\/wp-json\/wp\/v2\/media?parent=2351"}],"curies":[{"name":"wp","href":"https:\/\/api.w.org\/{rel}","templated":true}]}}