{"id":2810,"date":"2024-04-10T14:21:50","date_gmt":"2024-04-10T14:21:50","guid":{"rendered":"https:\/\/vignerons-saint-dezery.fr\/?post_type=avada_portfolio&#038;p=2810"},"modified":"2025-04-19T13:59:08","modified_gmt":"2025-04-19T13:59:08","slug":"cantarel-rouge","status":"publish","type":"avada_portfolio","link":"https:\/\/vignerons-saint-dezery.fr\/en\/nos_vins\/cantarel-rouge\/","title":{"rendered":"Cantarel Rouge"},"content":{"rendered":"<div class=\"fusion-fullwidth fullwidth-box fusion-builder-row-1 fusion-flex-container nonhundred-percent-fullwidth non-hundred-percent-height-scrolling\" style=\"--awb-border-radius-top-left:0px;--awb-border-radius-top-right:0px;--awb-border-radius-bottom-right:0px;--awb-border-radius-bottom-left:0px;--awb-padding-top:0px;--awb-padding-bottom:72px;--awb-padding-left:56px;--awb-padding-top-medium:24px;--awb-padding-bottom-medium:64px;--awb-padding-top-small:0px;--awb-padding-right-small:20px;--awb-padding-bottom-small:24px;--awb-padding-left-small:20px;--awb-flex-wrap:wrap;\" ><div class=\"fusion-builder-row fusion-row fusion-flex-align-items-stretch fusion-flex-content-wrap\" style=\"max-width:1331.2px;margin-left: calc(-4% \/ 2 );margin-right: calc(-4% \/ 2 );\"><div class=\"fusion-layout-column fusion_builder_column fusion-builder-column-0 fusion_builder_column_1_1 1_1 fusion-flex-column\" style=\"--awb-bg-size:cover;--awb-width-large:100%;--awb-margin-top-large:16px;--awb-spacing-right-large:1.92%;--awb-margin-bottom-large:16px;--awb-spacing-left-large:1.92%;--awb-width-medium:100%;--awb-order-medium:0;--awb-spacing-right-medium:1.92%;--awb-spacing-left-medium:3.84%;--awb-width-small:100%;--awb-order-small:0;--awb-spacing-right-small:1.92%;--awb-spacing-left-small:1.92%;\"><div class=\"fusion-column-wrapper fusion-column-has-shadow fusion-flex-justify-content-flex-start fusion-content-layout-column\"><div class=\"fusion-text fusion-text-1\"><p>L\u2019eau est indissociable des C\u00e9vennes. Le Cantarel lui rend hommage. C\u2019est d\u2019ailleurs le nom donn\u00e9 \u00e0 un ruisseau de Saint-D\u00e9z\u00e9ry. Sur ses berges s\u2019\u00e9panouissent des vignes de Syrah, Grenache et Sauvignon qui ont donn\u00e9 vie aux \u00e9l\u00e9gants \u00ab Cantarel \u00bb.<\/p>\n<\/div><\/div><\/div><div class=\"fusion-layout-column fusion_builder_column fusion-builder-column-1 fusion_builder_column_1_1 1_1 fusion-flex-column\" style=\"--awb-bg-size:cover;--awb-width-large:100%;--awb-margin-top-large:16px;--awb-spacing-right-large:1.92%;--awb-margin-bottom-large:16px;--awb-spacing-left-large:1.92%;--awb-width-medium:100%;--awb-order-medium:0;--awb-spacing-right-medium:1.92%;--awb-spacing-left-medium:3.84%;--awb-width-small:100%;--awb-order-small:0;--awb-spacing-right-small:1.92%;--awb-spacing-left-small:1.92%;\"><div class=\"fusion-column-wrapper fusion-column-has-shadow fusion-flex-justify-content-flex-start fusion-content-layout-column\"><div class=\"fusion-title title fusion-title-1 fusion-sep-none fusion-title-text fusion-title-size-two\" style=\"--awb-margin-bottom:0px;\"><h2 class=\"fusion-title-heading title-heading-left fusion-responsive-typography-calculated\" style=\"margin:0;--fontSize:50;line-height:1.12;\">D\u00e9tails<\/h2><\/div><\/div><\/div><div class=\"fusion-layout-column fusion_builder_column fusion-builder-column-2 fusion_builder_column_1_1 1_1 fusion-flex-column\" style=\"--awb-bg-size:cover;--awb-width-large:100%;--awb-margin-top-large:20px;--awb-spacing-right-large:1.92%;--awb-margin-bottom-large:16px;--awb-spacing-left-large:1.92%;--awb-width-medium:100%;--awb-order-medium:0;--awb-spacing-right-medium:1.92%;--awb-spacing-left-medium:3.84%;--awb-width-small:100%;--awb-order-small:0;--awb-spacing-right-small:1.92%;--awb-spacing-left-small:1.92%;\" data-scroll-devices=\"small-visibility,medium-visibility,large-visibility\"><div class=\"fusion-column-wrapper fusion-column-has-shadow fusion-flex-justify-content-flex-start fusion-content-layout-column\"><div class=\"fusion-title title fusion-title-2 fusion-sep-none fusion-title-text fusion-title-size-three\" style=\"--awb-font-size:16px;\"><h3 class=\"fusion-title-heading title-heading-left fusion-responsive-typography-calculated\" style=\"font-family:&quot;Inter&quot;;font-style:normal;font-weight:700;margin:0;font-size:1em;letter-spacing:4px;--fontSize:16;--minFontSize:16;line-height:1.24;\">VINIFICATION<\/h3><\/div>\n<div class=\"table-2\" id=\"table-wine\">\n<table width=\"100%\">\n<tbody>\n<tr>\n<td align=\"left\">Volume (litre)<\/td>\n<td align=\"left\">750 mL<\/td>\n<\/tr>\n<tr>\n<td align=\"left\">C\u00e9pages<\/td>\n<td align=\"left\">Syrah et Grenache<\/td>\n<\/tr>\n<tr>\n<td align=\"left\">Rendements<\/td>\n<td align=\"left\">65 hl\/ha<\/td>\n<\/tr>\n<tr>\n<td align=\"left\">Vinification<\/td>\n<td align=\"left\">Vendanges m\u00e9caniques. Mac\u00e9ration pr\u00e9fermentaire \u00e0 chaud. Vinification et \u00e9levage en cuve b\u00e9ton.<\/td>\n<\/tr>\n<tr>\n<td align=\"left\">Degr\u00e9s d\u2019alcool<\/td>\n<td align=\"left\">&#8211;<\/td>\n<\/tr>\n<tr>\n<td align=\"left\">R\u00e9gion<\/td>\n<td align=\"left\">Languedoc<\/td>\n<\/tr>\n<\/tbody>\n<\/table>\n<\/div>\n<\/div><\/div><div class=\"fusion-layout-column fusion_builder_column fusion-builder-column-3 fusion_builder_column_1_1 1_1 fusion-flex-column\" style=\"--awb-bg-size:cover;--awb-width-large:100%;--awb-margin-top-large:16px;--awb-spacing-right-large:1.92%;--awb-margin-bottom-large:16px;--awb-spacing-left-large:1.92%;--awb-width-medium:100%;--awb-order-medium:0;--awb-spacing-right-medium:1.92%;--awb-spacing-left-medium:3.84%;--awb-width-small:100%;--awb-order-small:0;--awb-spacing-right-small:1.92%;--awb-spacing-left-small:1.92%;\"><div class=\"fusion-column-wrapper fusion-column-has-shadow fusion-flex-justify-content-flex-start fusion-content-layout-column\"><div class=\"fusion-title title fusion-title-3 fusion-sep-none fusion-title-text fusion-title-size-three\" style=\"--awb-font-size:16px;\"><h3 class=\"fusion-title-heading title-heading-left fusion-responsive-typography-calculated\" style=\"font-family:&quot;Inter&quot;;font-style:normal;font-weight:700;margin:0;font-size:1em;letter-spacing:4px;text-transform:uppercase;--fontSize:16;--minFontSize:16;line-height:1.24;\">D\u00e9gustation<\/h3><\/div>\n<div class=\"table-2\" id=\"table-wine\">\n<table width=\"100%\">\n<tbody>\n<tr>\n<td align=\"left\">Accords mets vins<\/td>\n<td align=\"left\">Ap\u00e9ritifs, grillades, fromages, pizzas<\/td>\n<\/tr>\n<tr>\n<td align=\"left\">Bouche<\/td>\n<td align=\"left\">Attaque vive qui laisse place \u00e0 des ar\u00f4mes gourmands et l\u00e9gers de fruits rouges frais.<\/td>\n<\/tr>\n<tr>\n<td align=\"left\">Temp. de service<\/td>\n<td align=\"left\">13 &#8211; 15\u00b0 C<\/td>\n<\/tr>\n<tr>\n<td align=\"left\">Nez<\/td>\n<td align=\"left\">Frais et fruit\u00e9 qui d\u00e9voile des aromes gourmands de fruits rouges frais<\/td>\n<\/tr>\n<tr>\n<td align=\"left\">Robe<\/td>\n<td align=\"left\">Cerise<\/td>\n<\/tr>\n<tr>\n<td align=\"left\">Garde<\/td>\n<td align=\"left\">3 ans<\/td>\n<\/tr>\n<\/tbody>\n<\/table>\n<\/div>\n<\/div><\/div><div class=\"fusion-layout-column fusion_builder_column fusion-builder-column-4 fusion_builder_column_1_1 1_1 fusion-flex-column\" style=\"--awb-bg-size:cover;--awb-width-large:100%;--awb-margin-top-large:20px;--awb-spacing-right-large:1.92%;--awb-margin-bottom-large:16px;--awb-spacing-left-large:1.92%;--awb-width-medium:100%;--awb-order-medium:0;--awb-spacing-right-medium:1.92%;--awb-spacing-left-medium:3.84%;--awb-width-small:100%;--awb-order-small:0;--awb-spacing-right-small:1.92%;--awb-spacing-left-small:1.92%;\" data-scroll-devices=\"small-visibility,medium-visibility,large-visibility\"><div class=\"fusion-column-wrapper fusion-column-has-shadow fusion-flex-justify-content-flex-start fusion-content-layout-column\"><div class=\"fusion-title title fusion-title-4 fusion-sep-none fusion-title-text fusion-title-size-three\" style=\"--awb-font-size:16px;\"><h3 class=\"fusion-title-heading title-heading-left fusion-responsive-typography-calculated\" style=\"font-family:&quot;Inter&quot;;font-style:normal;font-weight:700;margin:0;font-size:1em;letter-spacing:4px;text-transform:uppercase;--fontSize:16;--minFontSize:16;line-height:1.24;\">Distinction<\/h3><\/div>\n<div class=\"table-2\" id=\"table-wine\">\n<table width=\"100%\">\n<tbody>\n<tr>\n<td align=\"left\">Mill\u00e9sime 2020<\/td>\n<td align=\"left\"><img decoding=\"async\" class=\"lazyload alignnone size-thumbnail wp-image-3149\" src=\"https:\/\/vignerons-saint-dezery.fr\/wp-content\/uploads\/2024\/05\/Argent-Nimes-50x50.png\" data-orig-src=\"https:\/\/vignerons-saint-dezery.fr\/wp-content\/uploads\/2024\/05\/Argent-Nimes-50x50.png\" alt=\"\" width=\"50\" height=\"50\" srcset=\"data:image\/svg+xml,%3Csvg%20xmlns%3D%27http%3A%2F%2Fwww.w3.org%2F2000%2Fsvg%27%20width%3D%2750%27%20height%3D%2750%27%20viewBox%3D%270%200%2050%2050%27%3E%3Crect%20width%3D%2750%27%20height%3D%2750%27%20fill-opacity%3D%220%22%2F%3E%3C%2Fsvg%3E\" data-srcset=\"https:\/\/vignerons-saint-dezery.fr\/wp-content\/uploads\/2024\/05\/Argent-Nimes-13x12.png 13w, https:\/\/vignerons-saint-dezery.fr\/wp-content\/uploads\/2024\/05\/Argent-Nimes-50x50.png 50w, https:\/\/vignerons-saint-dezery.fr\/wp-content\/uploads\/2024\/05\/Argent-Nimes-66x66.png 66w\" data-sizes=\"auto\" data-orig-sizes=\"(max-width: 50px) 100vw, 50px\" \/><\/td>\n<\/tr>\n<\/tbody>\n<\/table>\n<\/div>\n<\/div><\/div><\/div><\/div>\n","protected":false},"excerpt":{"rendered":"<p>L\u2019eau est indissociable des C\u00e9vennes. Le Cantarel lui rend hommage. C\u2019est d\u2019ailleurs le nom donn\u00e9 \u00e0 un ruisseau de Saint-D\u00e9z\u00e9ry. Sur ses berges s\u2019\u00e9panouissent des vignes de Syrah, Grenache et Sauvignon qui ont donn\u00e9 vie aux \u00e9l\u00e9gants \u00ab Cantarel \u00bb.<\/p>\n","protected":false},"author":1,"featured_media":3428,"menu_order":9,"comment_status":"closed","ping_status":"closed","template":"","format":"standard","meta":{"footnotes":""},"portfolio_category":[25],"portfolio_skills":[33],"portfolio_tags":[],"class_list":["post-2810","avada_portfolio","type-avada_portfolio","status-publish","format-standard","has-post-thumbnail","hentry","portfolio_category-vins-rouges","portfolio_skills-cuvees-cantarel"],"yoast_head":"<!-- This site is optimized with the Yoast SEO plugin v22.8 - https:\/\/yoast.com\/wordpress\/plugins\/seo\/ -->\n<title>Cantarel Rouge - Les vignerons de Saint-D\u00e9z\u00e9ry<\/title>\n<meta name=\"description\" content=\"L\u2019eau est indissociable des C\u00e9vennes. Le Cantarel lui rend hommage. C\u2019est d\u2019ailleurs le nom donn\u00e9 \u00e0 un ruisseau de Saint-D\u00e9z\u00e9ry. Sur ses berges s\u2019\u00e9panouissent des vignes de Syrah, Grenache et Sauvignon qui ont donn\u00e9 vie aux \u00e9l\u00e9gants \u00ab Cantarel \u00bb.\" \/>\n<meta name=\"robots\" content=\"index, follow, max-snippet:-1, max-image-preview:large, max-video-preview:-1\" \/>\n<link rel=\"canonical\" href=\"https:\/\/vignerons-saint-dezery.fr\/en\/nos_vins\/cantarel-rouge\/\" \/>\n<meta property=\"og:locale\" content=\"en_GB\" \/>\n<meta property=\"og:type\" content=\"article\" \/>\n<meta property=\"og:title\" content=\"Cantarel Rouge - Les vignerons de Saint-D\u00e9z\u00e9ry\" \/>\n<meta property=\"og:description\" content=\"L\u2019eau est indissociable des C\u00e9vennes. Le Cantarel lui rend hommage. C\u2019est d\u2019ailleurs le nom donn\u00e9 \u00e0 un ruisseau de Saint-D\u00e9z\u00e9ry. Sur ses berges s\u2019\u00e9panouissent des vignes de Syrah, Grenache et Sauvignon qui ont donn\u00e9 vie aux \u00e9l\u00e9gants \u00ab Cantarel \u00bb.\" \/>\n<meta property=\"og:url\" content=\"https:\/\/vignerons-saint-dezery.fr\/en\/nos_vins\/cantarel-rouge\/\" \/>\n<meta property=\"og:site_name\" content=\"Les vignerons de Saint-D\u00e9z\u00e9ry\" \/>\n<meta property=\"article:publisher\" content=\"https:\/\/www.facebook.com\/cave.saintdezery\/?locale=fr_FR\" \/>\n<meta property=\"article:modified_time\" content=\"2025-04-19T13:59:08+00:00\" \/>\n<meta property=\"og:image\" content=\"https:\/\/vignerons-saint-dezery.fr\/wp-content\/uploads\/2024\/04\/CANTAREL-ROUGE-1-scaled.png\" \/>\n\t<meta property=\"og:image:width\" content=\"800\" \/>\n\t<meta property=\"og:image:height\" content=\"1200\" \/>\n\t<meta property=\"og:image:type\" content=\"image\/png\" \/>\n<meta name=\"twitter:card\" content=\"summary_large_image\" \/>\n<meta name=\"twitter:label1\" content=\"Estimated reading time\" \/>\n\t<meta name=\"twitter:data1\" content=\"2 minutes\" \/>\n<script type=\"application\/ld+json\" class=\"yoast-schema-graph\">{\"@context\":\"https:\/\/schema.org\",\"@graph\":[{\"@type\":\"WebPage\",\"@id\":\"https:\/\/vignerons-saint-dezery.fr\/nos_vins\/cantarel-rouge\/\",\"url\":\"https:\/\/vignerons-saint-dezery.fr\/nos_vins\/cantarel-rouge\/\",\"name\":\"Cantarel Rouge - Les vignerons de Saint-D\u00e9z\u00e9ry\",\"isPartOf\":{\"@id\":\"https:\/\/vignerons-saint-dezery.fr\/#website\"},\"primaryImageOfPage\":{\"@id\":\"https:\/\/vignerons-saint-dezery.fr\/nos_vins\/cantarel-rouge\/#primaryimage\"},\"image\":{\"@id\":\"https:\/\/vignerons-saint-dezery.fr\/nos_vins\/cantarel-rouge\/#primaryimage\"},\"thumbnailUrl\":\"https:\/\/vignerons-saint-dezery.fr\/wp-content\/uploads\/2024\/04\/CANTAREL-ROUGE-1-scaled.png\",\"datePublished\":\"2024-04-10T14:21:50+00:00\",\"dateModified\":\"2025-04-19T13:59:08+00:00\",\"description\":\"L\u2019eau est indissociable des C\u00e9vennes. Le Cantarel lui rend hommage. C\u2019est d\u2019ailleurs le nom donn\u00e9 \u00e0 un ruisseau de Saint-D\u00e9z\u00e9ry. Sur ses berges s\u2019\u00e9panouissent des vignes de Syrah, Grenache et Sauvignon qui ont donn\u00e9 vie aux \u00e9l\u00e9gants \u00ab Cantarel \u00bb.\",\"breadcrumb\":{\"@id\":\"https:\/\/vignerons-saint-dezery.fr\/nos_vins\/cantarel-rouge\/#breadcrumb\"},\"inLanguage\":\"en-GB\",\"potentialAction\":[{\"@type\":\"ReadAction\",\"target\":[\"https:\/\/vignerons-saint-dezery.fr\/nos_vins\/cantarel-rouge\/\"]}]},{\"@type\":\"ImageObject\",\"inLanguage\":\"en-GB\",\"@id\":\"https:\/\/vignerons-saint-dezery.fr\/nos_vins\/cantarel-rouge\/#primaryimage\",\"url\":\"https:\/\/vignerons-saint-dezery.fr\/wp-content\/uploads\/2024\/04\/CANTAREL-ROUGE-1-scaled.png\",\"contentUrl\":\"https:\/\/vignerons-saint-dezery.fr\/wp-content\/uploads\/2024\/04\/CANTAREL-ROUGE-1-scaled.png\",\"width\":800,\"height\":1200},{\"@type\":\"BreadcrumbList\",\"@id\":\"https:\/\/vignerons-saint-dezery.fr\/nos_vins\/cantarel-rouge\/#breadcrumb\",\"itemListElement\":[{\"@type\":\"ListItem\",\"position\":1,\"name\":\"Accueil\",\"item\":\"https:\/\/vignerons-saint-dezery.fr\/\"},{\"@type\":\"ListItem\",\"position\":2,\"name\":\"Portfolio\",\"item\":\"https:\/\/vignerons-saint-dezery.fr\/nos_vins\/\"},{\"@type\":\"ListItem\",\"position\":3,\"name\":\"Cantarel Rouge\"}]},{\"@type\":\"WebSite\",\"@id\":\"https:\/\/vignerons-saint-dezery.fr\/#website\",\"url\":\"https:\/\/vignerons-saint-dezery.fr\/\",\"name\":\"Les vignerons de Saint-D\u00e9z\u00e9ry\",\"description\":\"Cave Coop\u00e9rative \u00e0 Saint-D\u00e9z\u00e9ry\",\"publisher\":{\"@id\":\"https:\/\/vignerons-saint-dezery.fr\/#organization\"},\"potentialAction\":[{\"@type\":\"SearchAction\",\"target\":{\"@type\":\"EntryPoint\",\"urlTemplate\":\"https:\/\/vignerons-saint-dezery.fr\/?s={search_term_string}\"},\"query-input\":\"required name=search_term_string\"}],\"inLanguage\":\"en-GB\"},{\"@type\":\"Organization\",\"@id\":\"https:\/\/vignerons-saint-dezery.fr\/#organization\",\"name\":\"Les vignerons de Saint-D\u00e9z\u00e9ry\",\"url\":\"https:\/\/vignerons-saint-dezery.fr\/\",\"logo\":{\"@type\":\"ImageObject\",\"inLanguage\":\"en-GB\",\"@id\":\"https:\/\/vignerons-saint-dezery.fr\/#\/schema\/logo\/image\/\",\"url\":\"https:\/\/vignerons-saint-dezery.fr\/wp-content\/uploads\/2024\/03\/logo_cave_saint_dezery-2.png\",\"contentUrl\":\"https:\/\/vignerons-saint-dezery.fr\/wp-content\/uploads\/2024\/03\/logo_cave_saint_dezery-2.png\",\"width\":172,\"height\":173,\"caption\":\"Les vignerons de Saint-D\u00e9z\u00e9ry\"},\"image\":{\"@id\":\"https:\/\/vignerons-saint-dezery.fr\/#\/schema\/logo\/image\/\"},\"sameAs\":[\"https:\/\/www.facebook.com\/cave.saintdezery\/?locale=fr_FR\",\"https:\/\/www.linkedin.com\/company\/les-vignerons-de-saint-dezery\/?originalSubdomain=fr\",\"https:\/\/www.instagram.com\/cave_saintd\/?hl=fr\"]}]}<\/script>\n<!-- \/ Yoast SEO plugin. -->","yoast_head_json":{"title":"Cantarel Rouge - Les vignerons de Saint-D\u00e9z\u00e9ry","description":"L\u2019eau est indissociable des C\u00e9vennes. Le Cantarel lui rend hommage. C\u2019est d\u2019ailleurs le nom donn\u00e9 \u00e0 un ruisseau de Saint-D\u00e9z\u00e9ry. Sur ses berges s\u2019\u00e9panouissent des vignes de Syrah, Grenache et Sauvignon qui ont donn\u00e9 vie aux \u00e9l\u00e9gants \u00ab Cantarel \u00bb.","robots":{"index":"index","follow":"follow","max-snippet":"max-snippet:-1","max-image-preview":"max-image-preview:large","max-video-preview":"max-video-preview:-1"},"canonical":"https:\/\/vignerons-saint-dezery.fr\/en\/nos_vins\/cantarel-rouge\/","og_locale":"en_GB","og_type":"article","og_title":"Cantarel Rouge - Les vignerons de Saint-D\u00e9z\u00e9ry","og_description":"L\u2019eau est indissociable des C\u00e9vennes. Le Cantarel lui rend hommage. C\u2019est d\u2019ailleurs le nom donn\u00e9 \u00e0 un ruisseau de Saint-D\u00e9z\u00e9ry. Sur ses berges s\u2019\u00e9panouissent des vignes de Syrah, Grenache et Sauvignon qui ont donn\u00e9 vie aux \u00e9l\u00e9gants \u00ab Cantarel \u00bb.","og_url":"https:\/\/vignerons-saint-dezery.fr\/en\/nos_vins\/cantarel-rouge\/","og_site_name":"Les vignerons de Saint-D\u00e9z\u00e9ry","article_publisher":"https:\/\/www.facebook.com\/cave.saintdezery\/?locale=fr_FR","article_modified_time":"2025-04-19T13:59:08+00:00","og_image":[{"width":800,"height":1200,"url":"https:\/\/vignerons-saint-dezery.fr\/wp-content\/uploads\/2024\/04\/CANTAREL-ROUGE-1-scaled.png","type":"image\/png"}],"twitter_card":"summary_large_image","twitter_misc":{"Estimated reading time":"2 minutes"},"schema":{"@context":"https:\/\/schema.org","@graph":[{"@type":"WebPage","@id":"https:\/\/vignerons-saint-dezery.fr\/nos_vins\/cantarel-rouge\/","url":"https:\/\/vignerons-saint-dezery.fr\/nos_vins\/cantarel-rouge\/","name":"Cantarel Rouge - Les vignerons de Saint-D\u00e9z\u00e9ry","isPartOf":{"@id":"https:\/\/vignerons-saint-dezery.fr\/#website"},"primaryImageOfPage":{"@id":"https:\/\/vignerons-saint-dezery.fr\/nos_vins\/cantarel-rouge\/#primaryimage"},"image":{"@id":"https:\/\/vignerons-saint-dezery.fr\/nos_vins\/cantarel-rouge\/#primaryimage"},"thumbnailUrl":"https:\/\/vignerons-saint-dezery.fr\/wp-content\/uploads\/2024\/04\/CANTAREL-ROUGE-1-scaled.png","datePublished":"2024-04-10T14:21:50+00:00","dateModified":"2025-04-19T13:59:08+00:00","description":"L\u2019eau est indissociable des C\u00e9vennes. Le Cantarel lui rend hommage. C\u2019est d\u2019ailleurs le nom donn\u00e9 \u00e0 un ruisseau de Saint-D\u00e9z\u00e9ry. Sur ses berges s\u2019\u00e9panouissent des vignes de Syrah, Grenache et Sauvignon qui ont donn\u00e9 vie aux \u00e9l\u00e9gants \u00ab Cantarel \u00bb.","breadcrumb":{"@id":"https:\/\/vignerons-saint-dezery.fr\/nos_vins\/cantarel-rouge\/#breadcrumb"},"inLanguage":"en-GB","potentialAction":[{"@type":"ReadAction","target":["https:\/\/vignerons-saint-dezery.fr\/nos_vins\/cantarel-rouge\/"]}]},{"@type":"ImageObject","inLanguage":"en-GB","@id":"https:\/\/vignerons-saint-dezery.fr\/nos_vins\/cantarel-rouge\/#primaryimage","url":"https:\/\/vignerons-saint-dezery.fr\/wp-content\/uploads\/2024\/04\/CANTAREL-ROUGE-1-scaled.png","contentUrl":"https:\/\/vignerons-saint-dezery.fr\/wp-content\/uploads\/2024\/04\/CANTAREL-ROUGE-1-scaled.png","width":800,"height":1200},{"@type":"BreadcrumbList","@id":"https:\/\/vignerons-saint-dezery.fr\/nos_vins\/cantarel-rouge\/#breadcrumb","itemListElement":[{"@type":"ListItem","position":1,"name":"Accueil","item":"https:\/\/vignerons-saint-dezery.fr\/"},{"@type":"ListItem","position":2,"name":"Portfolio","item":"https:\/\/vignerons-saint-dezery.fr\/nos_vins\/"},{"@type":"ListItem","position":3,"name":"Cantarel Rouge"}]},{"@type":"WebSite","@id":"https:\/\/vignerons-saint-dezery.fr\/#website","url":"https:\/\/vignerons-saint-dezery.fr\/","name":"Les vignerons de Saint-D\u00e9z\u00e9ry","description":"Cave Coop\u00e9rative \u00e0 Saint-D\u00e9z\u00e9ry","publisher":{"@id":"https:\/\/vignerons-saint-dezery.fr\/#organization"},"potentialAction":[{"@type":"SearchAction","target":{"@type":"EntryPoint","urlTemplate":"https:\/\/vignerons-saint-dezery.fr\/?s={search_term_string}"},"query-input":"required name=search_term_string"}],"inLanguage":"en-GB"},{"@type":"Organization","@id":"https:\/\/vignerons-saint-dezery.fr\/#organization","name":"Les vignerons de Saint-D\u00e9z\u00e9ry","url":"https:\/\/vignerons-saint-dezery.fr\/","logo":{"@type":"ImageObject","inLanguage":"en-GB","@id":"https:\/\/vignerons-saint-dezery.fr\/#\/schema\/logo\/image\/","url":"https:\/\/vignerons-saint-dezery.fr\/wp-content\/uploads\/2024\/03\/logo_cave_saint_dezery-2.png","contentUrl":"https:\/\/vignerons-saint-dezery.fr\/wp-content\/uploads\/2024\/03\/logo_cave_saint_dezery-2.png","width":172,"height":173,"caption":"Les vignerons de Saint-D\u00e9z\u00e9ry"},"image":{"@id":"https:\/\/vignerons-saint-dezery.fr\/#\/schema\/logo\/image\/"},"sameAs":["https:\/\/www.facebook.com\/cave.saintdezery\/?locale=fr_FR","https:\/\/www.linkedin.com\/company\/les-vignerons-de-saint-dezery\/?originalSubdomain=fr","https:\/\/www.instagram.com\/cave_saintd\/?hl=fr"]}]}},"_links":{"self":[{"href":"https:\/\/vignerons-saint-dezery.fr\/en\/wp-json\/wp\/v2\/avada_portfolio\/2810","targetHints":{"allow":["GET"]}}],"collection":[{"href":"https:\/\/vignerons-saint-dezery.fr\/en\/wp-json\/wp\/v2\/avada_portfolio"}],"about":[{"href":"https:\/\/vignerons-saint-dezery.fr\/en\/wp-json\/wp\/v2\/types\/avada_portfolio"}],"author":[{"embeddable":true,"href":"https:\/\/vignerons-saint-dezery.fr\/en\/wp-json\/wp\/v2\/users\/1"}],"replies":[{"embeddable":true,"href":"https:\/\/vignerons-saint-dezery.fr\/en\/wp-json\/wp\/v2\/comments?post=2810"}],"version-history":[{"count":3,"href":"https:\/\/vignerons-saint-dezery.fr\/en\/wp-json\/wp\/v2\/avada_portfolio\/2810\/revisions"}],"predecessor-version":[{"id":3181,"href":"https:\/\/vignerons-saint-dezery.fr\/en\/wp-json\/wp\/v2\/avada_portfolio\/2810\/revisions\/3181"}],"wp:featuredmedia":[{"embeddable":true,"href":"https:\/\/vignerons-saint-dezery.fr\/en\/wp-json\/wp\/v2\/media\/3428"}],"wp:attachment":[{"href":"https:\/\/vignerons-saint-dezery.fr\/en\/wp-json\/wp\/v2\/media?parent=2810"}],"wp:term":[{"taxonomy":"portfolio_category","embeddable":true,"href":"https:\/\/vignerons-saint-dezery.fr\/en\/wp-json\/wp\/v2\/portfolio_category?post=2810"},{"taxonomy":"portfolio_skills","embeddable":true,"href":"https:\/\/vignerons-saint-dezery.fr\/en\/wp-json\/wp\/v2\/portfolio_skills?post=2810"},{"taxonomy":"portfolio_tags","embeddable":true,"href":"https:\/\/vignerons-saint-dezery.fr\/en\/wp-json\/wp\/v2\/portfolio_tags?post=2810"}],"curies":[{"name":"wp","href":"https:\/\/api.w.org\/{rel}","templated":true}]}}